{"id":1060,"date":"2021-10-04T16:13:48","date_gmt":"2021-10-04T16:13:48","guid":{"rendered":"https:\/\/www.izhiq.org.al\/?page_id=1060"},"modified":"2022-04-29T00:39:11","modified_gmt":"2022-04-29T00:39:11","slug":"te-drejtat-e-njeriut-dhe-transparenca","status":"publish","type":"page","link":"https:\/\/www.izhiq.org.al\/en\/te-drejtat-e-njeriut-dhe-transparenca\/","title":{"rendered":"Human rights and transparency"},"content":{"rendered":"<div class=\"vc_row wpb_row vc_row-fluid\"><div class=\"wpb_column vc_column_container vc_col-sm-12\"><div class=\"vc_column-inner\"><div class=\"wpb_wrapper\">\n\t<div class=\"wpb_text_column wpb_content_element\" >\n\t\t<div class=\"wpb_wrapper\">\n\t\t\t<p><strong>The \u2018Institute for Development and Civic Initiative\u2019 Association supports individuals and communities to exercise and enjoy the right to participation, freedom of information and access to justice.<\/strong><br \/>\n<strong>IZHIQ encourages the government and the private sector to design and implement more accountable and transparent policies, and to focus on respecting the fundamental rights of the individual.<\/strong><br \/>\n<strong>To achieve this goal, IZHIQ, through surveys and field studies, identifies issues related to the recognition and respect of human rights and areas where these rights are most violated, and proposes to relevant institutions to take legislative measures and \/ or administrative to rectify the situation. We work closely with the National Institutions of Human Rights to identify and resolve any case where the violation of the rights of the individual \/ group of individuals is identified, mainly by public institutions.<\/strong><\/p>\n<p><strong>Also, IZHIQ:<\/strong><br \/>\n<strong><img decoding=\"async\" class=\"emoji\" role=\"img\" draggable=\"false\" src=\"Environmental awareness campaign;\" alt=\"\u2705\" \/>Works with central institutions and the media to increase access to information;<\/strong><br \/>\n<strong><img decoding=\"async\" class=\"emoji\" role=\"img\" draggable=\"false\" src=\"Environmental awareness campaign;\" alt=\"\u2705\" \/>Contributes to improving access to information especially for marginalized communities;<\/strong><br \/>\n<strong><img decoding=\"async\" class=\"emoji\" role=\"img\" draggable=\"false\" src=\"Environmental awareness campaign;\" alt=\"\u2705\" \/>Monitors government spending policies and makes them public;<\/strong><br \/>\n<strong><img decoding=\"async\" class=\"emoji\" role=\"img\" draggable=\"false\" src=\"Environmental awareness campaign;\" alt=\"\u2705\" \/>Supports human rights awareness campaigns.<\/strong><\/p>\n\n\t\t<\/div>\n\t<\/div>\n<\/div><\/div><\/div><\/div><div class=\"vc_row wpb_row vc_row-fluid\"><div class=\"wpb_column vc_column_container vc_col-sm-12\"><div class=\"vc_column-inner\"><div class=\"wpb_wrapper\"><div class=\"vc_custom_heading\" ><h2 style=\"text-align: center;font-family:Abril Fatface;font-weight:400;font-style:normal\" >Projects<\/h2><\/div>\n\t<div class=\"wpb_raw_code wpb_content_element wpb_raw_html vc_custom_1651192516362\" >\n\t\t<div class=\"wpb_wrapper\">\n\t\t\t<style type='text\/css' media='all'>#rt-tpg-container-1464716266 .rt-holder .rt-woo-info .price{color:#1e73be;}body .rt-tpg-container .rt-tpg-isotope-buttons .selected,\n\t\t\t\t\t#rt-tpg-container-1464716266 .layout12 .rt-holder:hover .rt-detail,\n\t\t\t\t\t#rt-tpg-container-1464716266 .isotope8 .rt-holder:hover .rt-detail,\n\t\t\t\t\t#rt-tpg-container-1464716266 .carousel8 .rt-holder:hover .rt-detail,\n\t\t\t\t\t#rt-tpg-container-1464716266 .layout13 .rt-holder .overlay .post-info,\n\t\t\t\t\t#rt-tpg-container-1464716266 .isotope9 .rt-holder .overlay .post-info,\n\t\t\t\t\t#rt-tpg-container-1464716266.rt-tpg-container .layout4 .rt-holder .rt-detail,\n\t\t\t\t\t.rt-modal-1464716266 .md-content,\n\t\t\t\t\t.rt-modal-1464716266 .md-content > .rt-md-content-holder .rt-md-content,\n\t\t\t\t\t.rt-popup-wrap-1464716266.rt-popup-wrap .rt-popup-navigation-wrap,\n\t\t\t\t\t#rt-tpg-container-1464716266 .carousel9 .rt-holder .overlay .post-info{background-color:#1e73be;}#rt-tpg-container-1464716266 .layout5 .rt-holder .overlay, #rt-tpg-container-1464716266 .isotope2 .rt-holder .overlay, #rt-tpg-container-1464716266 .carousel2 .rt-holder .overlay,#rt-tpg-container-1464716266 .layout15 .rt-holder h3, #rt-tpg-container-1464716266 .isotope11 .rt-holder h3, #rt-tpg-container-1464716266 .carousel11 .rt-holder h3, #rt-tpg-container-1464716266 .layout16 .rt-holder h3,\n\t\t\t\t\t#rt-tpg-container-1464716266 .isotope12 .rt-holder h3, #rt-tpg-container-1464716266 .carousel12 .rt-holder h3 {background-color:rgba(30,115,190,0.1);}#rt-tpg-container-1464716266 .read-more a{border-radius:4px;}#rt-tpg-container-1464716266 .rt-img-holder img.rt-img-responsive,#rt-tpg-container-1464716266 .rt-img-holder,\n\t\t\t\t\t#rt-tpg-container-1464716266 .rt-post-overlay .post-img,\n\t\t\t\t\t#rt-tpg-container-1464716266 .post-sm .post-img,\n\t\t\t\t\t#rt-tpg-container-1464716266 .rt-post-grid .post-img,\n\t\t\t\t\t#rt-tpg-container-1464716266 .post-img img {border-radius:px;}<\/style><div class='rt-container-fluid rt-tpg-container tpg-shortcode-main-wrapper' id='rt-tpg-container-1464716266'   data-layout='layout12' data-grid-style='even' data-desktop-col='3'  data-tab-col='2'  data-mobile-col='1' data-sc-id='2085'><div data-title='Loading ...' class='rt-row rt-content-loader   layout12 tpg-even'><div class=\"rt-col-md-4 rt-col-sm-6 rt-col-xs-12 even-grid-item rt-grid-item img_zoom_in\" data-id=\"1898\"><div class=\"rt-holder\"><div class=\"rt-img-holder\"><a data-id='1898' class='' href='https:\/\/www.izhiq.org.al\/en\/2022\/03\/05\/promovimi-i-barazise-gjinore\/'><img loading=\"lazy\" decoding=\"async\" width=\"500\" height=\"306\" src=\"https:\/\/www.izhiq.org.al\/wp-content\/uploads\/2022\/03\/barazia_gjinore-500x306.jpg\" class=\"rt-img-responsive\" alt=\"\" \/><\/a><\/div> <div class='rt-detail'><div class='post-meta-user'><span class='date-meta'><i class='far fa-calendar-alt'><\/i>March 5, 2022<\/span><\/div><h3 class=\"entry-title\"><a data-id=\"1898\" class=\"\" href=\"https:\/\/www.izhiq.org.al\/en\/2022\/03\/05\/promovimi-i-barazise-gjinore\/\">Promovimi i barazis\u00eb gjinore<\/a><\/h3><div class='post-meta'><span class='read-more'><a data-id='1898' class='' href='https:\/\/www.izhiq.org.al\/en\/2022\/03\/05\/promovimi-i-barazise-gjinore\/'>Lexo m\u00eb shume<\/a><\/span><\/div><\/div><\/div><\/div><div class=\"rt-col-md-4 rt-col-sm-6 rt-col-xs-12 even-grid-item rt-grid-item img_zoom_in\" data-id=\"1869\"><div class=\"rt-holder\"><div class=\"rt-img-holder\"><a data-id='1869' class='' href='https:\/\/www.izhiq.org.al\/en\/2022\/03\/09\/mendo-shendetshem-jeto-shendetshem\/'><img loading=\"lazy\" decoding=\"async\" width=\"500\" height=\"306\" src=\"https:\/\/www.izhiq.org.al\/wp-content\/uploads\/2022\/03\/WhatsApp-Image-2022-03-09-at-10.58.43-AM-500x306.jpeg\" class=\"rt-img-responsive\" alt=\"\" \/><\/a><\/div> <div class='rt-detail'><div class='post-meta-user'><span class='date-meta'><i class='far fa-calendar-alt'><\/i>March 9, 2022<\/span><\/div><h3 class=\"entry-title\"><a data-id=\"1869\" class=\"\" href=\"https:\/\/www.izhiq.org.al\/en\/2022\/03\/09\/mendo-shendetshem-jeto-shendetshem\/\">Mendo sh\u00ebndetsh\u00ebm, jeto sh\u00ebndetsh\u00ebm<\/a><\/h3><div class='post-meta'><span class='read-more'><a data-id='1869' class='' href='https:\/\/www.izhiq.org.al\/en\/2022\/03\/09\/mendo-shendetshem-jeto-shendetshem\/'>Lexo m\u00eb shume<\/a><\/span><\/div><\/div><\/div><\/div><div class=\"rt-col-md-4 rt-col-sm-6 rt-col-xs-12 even-grid-item rt-grid-item img_zoom_in\" data-id=\"1866\"><div class=\"rt-holder\"><div class=\"rt-img-holder\"><a data-id='1866' class='' href='https:\/\/www.izhiq.org.al\/en\/2022\/03\/09\/drejt-be-se-forcimi-i-shoqerise-civile-dhe-qeverisjes-vendore-per-nje-mbrojtje-me-te-mire-te-konsumatorit\/'><img loading=\"lazy\" decoding=\"async\" width=\"500\" height=\"306\" src=\"https:\/\/www.izhiq.org.al\/wp-content\/uploads\/2022\/03\/WhatsApp-Image-2022-03-08-at-1.39.24-PM-500x306.jpeg\" class=\"rt-img-responsive\" alt=\"\" \/><\/a><\/div> <div class='rt-detail'><div class='post-meta-user'><span class='date-meta'><i class='far fa-calendar-alt'><\/i>March 9, 2022<\/span><\/div><h3 class=\"entry-title\"><a data-id=\"1866\" class=\"\" href=\"https:\/\/www.izhiq.org.al\/en\/2022\/03\/09\/drejt-be-se-forcimi-i-shoqerise-civile-dhe-qeverisjes-vendore-per-nje-mbrojtje-me-te-mire-te-konsumatorit\/\">Drejt BE-s\u00eb: Forcimi i shoq\u00ebris\u00eb civile dhe qeverisjes vendore p\u00ebr nj\u00eb mbrojtje m\u00eb t\u00eb mir\u00eb t\u00eb konsumatorit<\/a><\/h3><div class='post-meta'><span class='read-more'><a data-id='1866' class='' href='https:\/\/www.izhiq.org.al\/en\/2022\/03\/09\/drejt-be-se-forcimi-i-shoqerise-civile-dhe-qeverisjes-vendore-per-nje-mbrojtje-me-te-mire-te-konsumatorit\/'>Lexo m\u00eb shume<\/a><\/span><\/div><\/div><\/div><\/div><\/div><div class='rt-pagination-wrap' data-total-pages='1' data-posts-per-page='3' data-type='pagination_ajax'  ><div class='rt-page-numbers'><\/div><\/div><\/div>\n\t\t<\/div>\n\t<\/div>\n<\/div><\/div><\/div><\/div><div class=\"vc_row wpb_row vc_row-fluid\"><div class=\"wpb_column vc_column_container vc_col-sm-12\"><div class=\"vc_column-inner\"><div class=\"wpb_wrapper\"><div class=\"vc_custom_heading\" ><h2 style=\"text-align: center;font-family:Abril Fatface;font-weight:400;font-style:normal\" >Events<\/h2><\/div>\n\t<div class=\"wpb_raw_code wpb_content_element wpb_raw_html vc_custom_1651192748263\" >\n\t\t<div class=\"wpb_wrapper\">\n\t\t\t<style type='text\/css' media='all'>#rt-tpg-container-3807623826 .rt-holder .rt-woo-info .price{color:#1e73be;}body .rt-tpg-container .rt-tpg-isotope-buttons .selected,\n\t\t\t\t\t#rt-tpg-container-3807623826 .layout12 .rt-holder:hover .rt-detail,\n\t\t\t\t\t#rt-tpg-container-3807623826 .isotope8 .rt-holder:hover .rt-detail,\n\t\t\t\t\t#rt-tpg-container-3807623826 .carousel8 .rt-holder:hover .rt-detail,\n\t\t\t\t\t#rt-tpg-container-3807623826 .layout13 .rt-holder .overlay .post-info,\n\t\t\t\t\t#rt-tpg-container-3807623826 .isotope9 .rt-holder .overlay .post-info,\n\t\t\t\t\t#rt-tpg-container-3807623826.rt-tpg-container .layout4 .rt-holder .rt-detail,\n\t\t\t\t\t.rt-modal-3807623826 .md-content,\n\t\t\t\t\t.rt-modal-3807623826 .md-content > .rt-md-content-holder .rt-md-content,\n\t\t\t\t\t.rt-popup-wrap-3807623826.rt-popup-wrap .rt-popup-navigation-wrap,\n\t\t\t\t\t#rt-tpg-container-3807623826 .carousel9 .rt-holder .overlay .post-info{background-color:#1e73be;}#rt-tpg-container-3807623826 .layout5 .rt-holder .overlay, #rt-tpg-container-3807623826 .isotope2 .rt-holder .overlay, #rt-tpg-container-3807623826 .carousel2 .rt-holder .overlay,#rt-tpg-container-3807623826 .layout15 .rt-holder h3, #rt-tpg-container-3807623826 .isotope11 .rt-holder h3, #rt-tpg-container-3807623826 .carousel11 .rt-holder h3, #rt-tpg-container-3807623826 .layout16 .rt-holder h3,\n\t\t\t\t\t#rt-tpg-container-3807623826 .isotope12 .rt-holder h3, #rt-tpg-container-3807623826 .carousel12 .rt-holder h3 {background-color:rgba(30,115,190,0.1);}#rt-tpg-container-3807623826 .read-more a{border-radius:4px;}#rt-tpg-container-3807623826 .rt-img-holder img.rt-img-responsive,#rt-tpg-container-3807623826 .rt-img-holder,\n\t\t\t\t\t#rt-tpg-container-3807623826 .rt-post-overlay .post-img,\n\t\t\t\t\t#rt-tpg-container-3807623826 .post-sm .post-img,\n\t\t\t\t\t#rt-tpg-container-3807623826 .rt-post-grid .post-img,\n\t\t\t\t\t#rt-tpg-container-3807623826 .post-img img {border-radius:px;}<\/style><div class='rt-container-fluid rt-tpg-container tpg-shortcode-main-wrapper' id='rt-tpg-container-3807623826'   data-layout='layout12' data-grid-style='even' data-desktop-col='3'  data-tab-col='2'  data-mobile-col='1' data-sc-id='2088'><div data-title='Loading ...' class='rt-row rt-content-loader   layout12 tpg-even'><div class=\"rt-col-md-4 rt-col-sm-6 rt-col-xs-12 even-grid-item rt-grid-item img_zoom_in\" data-id=\"1866\"><div class=\"rt-holder\"><div class=\"rt-img-holder\"><a data-id='1866' class='' href='https:\/\/www.izhiq.org.al\/en\/2022\/03\/09\/drejt-be-se-forcimi-i-shoqerise-civile-dhe-qeverisjes-vendore-per-nje-mbrojtje-me-te-mire-te-konsumatorit\/'><img loading=\"lazy\" decoding=\"async\" width=\"500\" height=\"306\" src=\"https:\/\/www.izhiq.org.al\/wp-content\/uploads\/2022\/03\/WhatsApp-Image-2022-03-08-at-1.39.24-PM-500x306.jpeg\" class=\"rt-img-responsive\" alt=\"\" \/><\/a><\/div> <div class='rt-detail'><div class='post-meta-user'><span class='date-meta'><i class='far fa-calendar-alt'><\/i>March 9, 2022<\/span><\/div><h3 class=\"entry-title\"><a data-id=\"1866\" class=\"\" href=\"https:\/\/www.izhiq.org.al\/en\/2022\/03\/09\/drejt-be-se-forcimi-i-shoqerise-civile-dhe-qeverisjes-vendore-per-nje-mbrojtje-me-te-mire-te-konsumatorit\/\">Drejt BE-s\u00eb: Forcimi i shoq\u00ebris\u00eb civile dhe qeverisjes vendore p\u00ebr nj\u00eb mbrojtje m\u00eb t\u00eb mir\u00eb t\u00eb konsumatorit<\/a><\/h3><div class='post-meta'><span class='read-more'><a data-id='1866' class='' href='https:\/\/www.izhiq.org.al\/en\/2022\/03\/09\/drejt-be-se-forcimi-i-shoqerise-civile-dhe-qeverisjes-vendore-per-nje-mbrojtje-me-te-mire-te-konsumatorit\/'>Lexo m\u00eb shum\u00eb<\/a><\/span><\/div><\/div><\/div><\/div><div class=\"rt-col-md-4 rt-col-sm-6 rt-col-xs-12 even-grid-item rt-grid-item img_zoom_in\" data-id=\"1754\"><div class=\"rt-holder\"><div class=\"rt-img-holder\"><a data-id='1754' class='' href='https:\/\/www.izhiq.org.al\/en\/2022\/02\/04\/inspektimet-ne-te-drejten-e-konsumatorit-izhiq-inicion-per-hapjen-e-zyres-se-konmsumatorit-ne-elbasan\/'><img loading=\"lazy\" decoding=\"async\" width=\"500\" height=\"306\" src=\"https:\/\/www.izhiq.org.al\/wp-content\/uploads\/2022\/02\/251847669_446867360162308_8319991316463009086_n-1-500x306.jpg\" class=\"rt-img-responsive\" alt=\"\" \/><\/a><\/div> <div class='rt-detail'><div class='post-meta-user'><span class='date-meta'><i class='far fa-calendar-alt'><\/i>February 4, 2022<\/span><\/div><h3 class=\"entry-title\"><a data-id=\"1754\" class=\"\" href=\"https:\/\/www.izhiq.org.al\/en\/2022\/02\/04\/inspektimet-ne-te-drejten-e-konsumatorit-izhiq-inicion-per-hapjen-e-zyres-se-konmsumatorit-ne-elbasan\/\">Pas trajnimeve: IZHIQ inicion p\u00ebr hapjen e Zyr\u00ebs s\u00eb Konmsumatorit n\u00eb Elbasan<\/a><\/h3><div class='post-meta'><span class='read-more'><a data-id='1754' class='' href='https:\/\/www.izhiq.org.al\/en\/2022\/02\/04\/inspektimet-ne-te-drejten-e-konsumatorit-izhiq-inicion-per-hapjen-e-zyres-se-konmsumatorit-ne-elbasan\/'>Lexo m\u00eb shum\u00eb<\/a><\/span><\/div><\/div><\/div><\/div><div class=\"rt-col-md-4 rt-col-sm-6 rt-col-xs-12 even-grid-item rt-grid-item img_zoom_in\" data-id=\"1750\"><div class=\"rt-holder\"><div class=\"rt-img-holder\"><a data-id='1750' class='' href='https:\/\/www.izhiq.org.al\/en\/2022\/02\/04\/sekretari-i-pergjithshem-i-unionit-evropian-te-konsumatorit-ecu-trajnim-me-praktikat-me-te-mira-nderkombetare-per-te-drejtat-e-konsumatorit\/'><img loading=\"lazy\" decoding=\"async\" width=\"500\" height=\"306\" src=\"https:\/\/www.izhiq.org.al\/wp-content\/uploads\/2022\/02\/252114486_446203600228684_7826109266437865824_n-500x306.jpg\" class=\"rt-img-responsive\" alt=\"\" \/><\/a><\/div> <div class='rt-detail'><div class='post-meta-user'><span class='date-meta'><i class='far fa-calendar-alt'><\/i>February 4, 2022<\/span><\/div><h3 class=\"entry-title\"><a data-id=\"1750\" class=\"\" href=\"https:\/\/www.izhiq.org.al\/en\/2022\/02\/04\/sekretari-i-pergjithshem-i-unionit-evropian-te-konsumatorit-ecu-trajnim-me-praktikat-me-te-mira-nderkombetare-per-te-drejtat-e-konsumatorit\/\">Sekretari i p\u00ebrgjithsh\u00ebm i ECU: Praktikat m\u00eb t\u00eb mira nd\u00ebrkomb\u00ebtare<\/a><\/h3><div class='post-meta'><span class='read-more'><a data-id='1750' class='' href='https:\/\/www.izhiq.org.al\/en\/2022\/02\/04\/sekretari-i-pergjithshem-i-unionit-evropian-te-konsumatorit-ecu-trajnim-me-praktikat-me-te-mira-nderkombetare-per-te-drejtat-e-konsumatorit\/'>Lexo m\u00eb shum\u00eb<\/a><\/span><\/div><\/div><\/div><\/div><\/div><div class='rt-pagination-wrap' data-total-pages='2' data-posts-per-page='3' data-type='pagination_ajax'  ><div class='rt-page-numbers'><\/div><\/div><\/div>\n\t\t<\/div>\n\t<\/div>\n<\/div><\/div><\/div><\/div>","protected":false},"excerpt":{"rendered":"SEKRETARI I P\u00cbRGJITHSH\u00cbM I ECU: PRAKTIKAT M\u00cb T\u00cb MIRA ND\u00cbRKOMB\u00cbTARE P\u00cbR T\u00cb DREJTAT E KONSUMATORIT Izhiq vazhdon trajnimet dita e 2-t\u00eb ...","protected":false},"author":1,"featured_media":0,"parent":0,"menu_order":0,"comment_status":"closed","ping_status":"closed","template":"","meta":{"_vp_format_video_url":"","_vp_image_focal_point":[],"footnotes":"","_links_to":"","_links_to_target":""},"class_list":["post-1060","page","type-page","status-publish","hentry"],"yoast_head":"<!-- This site is optimized with the Yoast SEO plugin v27.5 - https:\/\/yoast.com\/product\/yoast-seo-wordpress\/ -->\n<title>T\u00eb drejtat e njeriut dhe transparenca - Instituti per Zhvillim dhe Inisiativa Qytetare<\/title>\n<meta name=\"robots\" content=\"index, follow, max-snippet:-1, max-image-preview:large, max-video-preview:-1\" \/>\n<link rel=\"canonical\" href=\"https:\/\/www.izhiq.org.al\/en\/te-drejtat-e-njeriut-dhe-transparenca\/\" \/>\n<meta property=\"og:locale\" content=\"en_US\" \/>\n<meta property=\"og:type\" content=\"article\" \/>\n<meta property=\"og:title\" content=\"T\u00eb drejtat e njeriut dhe transparenca - Instituti per Zhvillim dhe Inisiativa Qytetare\" \/>\n<meta property=\"og:url\" content=\"https:\/\/www.izhiq.org.al\/en\/te-drejtat-e-njeriut-dhe-transparenca\/\" \/>\n<meta property=\"og:site_name\" content=\"Instituti per Zhvillim dhe Inisiativa Qytetare\" \/>\n<meta property=\"article:modified_time\" content=\"2022-04-29T00:39:11+00:00\" \/>\n<meta property=\"og:image\" content=\"https:\/\/s.w.org\/images\/core\/emoji\/13.0.1\/svg\/2705.svg\" \/>\n<meta name=\"twitter:card\" content=\"summary_large_image\" \/>\n<meta name=\"twitter:label1\" content=\"Est. reading time\" \/>\n\t<meta name=\"twitter:data1\" content=\"2 minutes\" \/>\n<script type=\"application\/ld+json\" class=\"yoast-schema-graph\">{\"@context\":\"https:\\\/\\\/schema.org\",\"@graph\":[{\"@type\":\"WebPage\",\"@id\":\"https:\\\/\\\/www.izhiq.org.al\\\/te-drejtat-e-njeriut-dhe-transparenca\\\/\",\"url\":\"https:\\\/\\\/www.izhiq.org.al\\\/te-drejtat-e-njeriut-dhe-transparenca\\\/\",\"name\":\"T\u00eb drejtat e njeriut dhe transparenca - Instituti per Zhvillim dhe Inisiativa Qytetare\",\"isPartOf\":{\"@id\":\"https:\\\/\\\/www.izhiq.org.al\\\/#website\"},\"primaryImageOfPage\":{\"@id\":\"https:\\\/\\\/www.izhiq.org.al\\\/te-drejtat-e-njeriut-dhe-transparenca\\\/#primaryimage\"},\"image\":{\"@id\":\"https:\\\/\\\/www.izhiq.org.al\\\/te-drejtat-e-njeriut-dhe-transparenca\\\/#primaryimage\"},\"thumbnailUrl\":\"https:\\\/\\\/s.w.org\\\/images\\\/core\\\/emoji\\\/13.0.1\\\/svg\\\/2705.svg\",\"datePublished\":\"2021-10-04T16:13:48+00:00\",\"dateModified\":\"2022-04-29T00:39:11+00:00\",\"breadcrumb\":{\"@id\":\"https:\\\/\\\/www.izhiq.org.al\\\/te-drejtat-e-njeriut-dhe-transparenca\\\/#breadcrumb\"},\"inLanguage\":\"en-US\",\"potentialAction\":[{\"@type\":\"ReadAction\",\"target\":[\"https:\\\/\\\/www.izhiq.org.al\\\/te-drejtat-e-njeriut-dhe-transparenca\\\/\"]}]},{\"@type\":\"ImageObject\",\"inLanguage\":\"en-US\",\"@id\":\"https:\\\/\\\/www.izhiq.org.al\\\/te-drejtat-e-njeriut-dhe-transparenca\\\/#primaryimage\",\"url\":\"https:\\\/\\\/s.w.org\\\/images\\\/core\\\/emoji\\\/13.0.1\\\/svg\\\/2705.svg\",\"contentUrl\":\"https:\\\/\\\/s.w.org\\\/images\\\/core\\\/emoji\\\/13.0.1\\\/svg\\\/2705.svg\"},{\"@type\":\"BreadcrumbList\",\"@id\":\"https:\\\/\\\/www.izhiq.org.al\\\/te-drejtat-e-njeriut-dhe-transparenca\\\/#breadcrumb\",\"itemListElement\":[{\"@type\":\"ListItem\",\"position\":1,\"name\":\"Home\",\"item\":\"https:\\\/\\\/www.izhiq.org.al\\\/\"},{\"@type\":\"ListItem\",\"position\":2,\"name\":\"T\u00eb drejtat e njeriut dhe transparenca\"}]},{\"@type\":\"WebSite\",\"@id\":\"https:\\\/\\\/www.izhiq.org.al\\\/#website\",\"url\":\"https:\\\/\\\/www.izhiq.org.al\\\/\",\"name\":\"Instituti per Zhvillim dhe Inisiativa Qytetare\",\"description\":\"Instituti per Zhvillim dhe Inisiativa Qytetare\",\"potentialAction\":[{\"@type\":\"SearchAction\",\"target\":{\"@type\":\"EntryPoint\",\"urlTemplate\":\"https:\\\/\\\/www.izhiq.org.al\\\/?s={search_term_string}\"},\"query-input\":{\"@type\":\"PropertyValueSpecification\",\"valueRequired\":true,\"valueName\":\"search_term_string\"}}],\"inLanguage\":\"en-US\"}]}<\/script>\n<!-- \/ Yoast SEO plugin. -->","yoast_head_json":{"title":"T\u00eb drejtat e njeriut dhe transparenca - Instituti per Zhvillim dhe Inisiativa Qytetare","robots":{"index":"index","follow":"follow","max-snippet":"max-snippet:-1","max-image-preview":"max-image-preview:large","max-video-preview":"max-video-preview:-1"},"canonical":"https:\/\/www.izhiq.org.al\/en\/te-drejtat-e-njeriut-dhe-transparenca\/","og_locale":"en_US","og_type":"article","og_title":"T\u00eb drejtat e njeriut dhe transparenca - Instituti per Zhvillim dhe Inisiativa Qytetare","og_url":"https:\/\/www.izhiq.org.al\/en\/te-drejtat-e-njeriut-dhe-transparenca\/","og_site_name":"Instituti per Zhvillim dhe Inisiativa Qytetare","article_modified_time":"2022-04-29T00:39:11+00:00","og_image":[{"url":"https:\/\/s.w.org\/images\/core\/emoji\/13.0.1\/svg\/2705.svg","type":"","width":"","height":""}],"twitter_card":"summary_large_image","twitter_misc":{"Est. reading time":"2 minutes"},"schema":{"@context":"https:\/\/schema.org","@graph":[{"@type":"WebPage","@id":"https:\/\/www.izhiq.org.al\/te-drejtat-e-njeriut-dhe-transparenca\/","url":"https:\/\/www.izhiq.org.al\/te-drejtat-e-njeriut-dhe-transparenca\/","name":"T\u00eb drejtat e njeriut dhe transparenca - Instituti per Zhvillim dhe Inisiativa Qytetare","isPartOf":{"@id":"https:\/\/www.izhiq.org.al\/#website"},"primaryImageOfPage":{"@id":"https:\/\/www.izhiq.org.al\/te-drejtat-e-njeriut-dhe-transparenca\/#primaryimage"},"image":{"@id":"https:\/\/www.izhiq.org.al\/te-drejtat-e-njeriut-dhe-transparenca\/#primaryimage"},"thumbnailUrl":"https:\/\/s.w.org\/images\/core\/emoji\/13.0.1\/svg\/2705.svg","datePublished":"2021-10-04T16:13:48+00:00","dateModified":"2022-04-29T00:39:11+00:00","breadcrumb":{"@id":"https:\/\/www.izhiq.org.al\/te-drejtat-e-njeriut-dhe-transparenca\/#breadcrumb"},"inLanguage":"en-US","potentialAction":[{"@type":"ReadAction","target":["https:\/\/www.izhiq.org.al\/te-drejtat-e-njeriut-dhe-transparenca\/"]}]},{"@type":"ImageObject","inLanguage":"en-US","@id":"https:\/\/www.izhiq.org.al\/te-drejtat-e-njeriut-dhe-transparenca\/#primaryimage","url":"https:\/\/s.w.org\/images\/core\/emoji\/13.0.1\/svg\/2705.svg","contentUrl":"https:\/\/s.w.org\/images\/core\/emoji\/13.0.1\/svg\/2705.svg"},{"@type":"BreadcrumbList","@id":"https:\/\/www.izhiq.org.al\/te-drejtat-e-njeriut-dhe-transparenca\/#breadcrumb","itemListElement":[{"@type":"ListItem","position":1,"name":"Home","item":"https:\/\/www.izhiq.org.al\/"},{"@type":"ListItem","position":2,"name":"T\u00eb drejtat e njeriut dhe transparenca"}]},{"@type":"WebSite","@id":"https:\/\/www.izhiq.org.al\/#website","url":"https:\/\/www.izhiq.org.al\/","name":"Instituti per Zhvillim dhe Inisiativa Qytetare","description":"Instituti per Zhvillim dhe Inisiativa Qytetare","potentialAction":[{"@type":"SearchAction","target":{"@type":"EntryPoint","urlTemplate":"https:\/\/www.izhiq.org.al\/?s={search_term_string}"},"query-input":{"@type":"PropertyValueSpecification","valueRequired":true,"valueName":"search_term_string"}}],"inLanguage":"en-US"}]}},"rttpg_featured_image_url":null,"rttpg_author":{"display_name":"izhiqytetare_10ociur3","author_link":"https:\/\/www.izhiq.org.al\/en\/author\/izhiqytetare_10ociur3\/"},"rttpg_comment":0,"rttpg_category":"","rttpg_excerpt":null,"_links":{"self":[{"href":"https:\/\/www.izhiq.org.al\/en\/wp-json\/wp\/v2\/pages\/1060","targetHints":{"allow":["GET"]}}],"collection":[{"href":"https:\/\/www.izhiq.org.al\/en\/wp-json\/wp\/v2\/pages"}],"about":[{"href":"https:\/\/www.izhiq.org.al\/en\/wp-json\/wp\/v2\/types\/page"}],"author":[{"embeddable":true,"href":"https:\/\/www.izhiq.org.al\/en\/wp-json\/wp\/v2\/users\/1"}],"replies":[{"embeddable":true,"href":"https:\/\/www.izhiq.org.al\/en\/wp-json\/wp\/v2\/comments?post=1060"}],"version-history":[{"count":18,"href":"https:\/\/www.izhiq.org.al\/en\/wp-json\/wp\/v2\/pages\/1060\/revisions"}],"predecessor-version":[{"id":2089,"href":"https:\/\/www.izhiq.org.al\/en\/wp-json\/wp\/v2\/pages\/1060\/revisions\/2089"}],"wp:attachment":[{"href":"https:\/\/www.izhiq.org.al\/en\/wp-json\/wp\/v2\/media?parent=1060"}],"curies":[{"name":"wp","href":"https:\/\/api.w.org\/{rel}","templated":true}]}}